{"id":8,"date":"2018-12-17T21:37:35","date_gmt":"2018-12-17T21:37:35","guid":{"rendered":"http:\/\/www.javorry.sk\/?page_id=8"},"modified":"2022-07-18T08:36:52","modified_gmt":"2022-07-18T08:36:52","slug":"o-nas","status":"publish","type":"page","link":"https:\/\/www.javorry.sk\/index.php\/o-nas\/","title":{"rendered":"O n\u00e1s"},"content":{"rendered":"<p>[et_pb_section fb_built=&#8220;1&#8243; admin_label=&#8220;Header&#8220; _builder_version=&#8220;4.16&#8243; background_color=&#8220;#f7f9f9&#8243; background_image=&#8220;http:\/\/www.javorry.sk\/wp-content\/uploads\/2022\/07\/charity-09.png&#8220; parallax=&#8220;on&#8220; collapsed=&#8220;off&#8220; global_colors_info=&#8220;{}&#8220;][et_pb_row _builder_version=&#8220;4.17.6&#8243; global_colors_info=&#8220;{}&#8220;][et_pb_column type=&#8220;4_4&#8243; _builder_version=&#8220;4.16&#8243; custom_padding=&#8220;60px|||&#8220; custom_padding_tablet=&#8220;0px||&#8220; custom_padding_phone=&#8220;0px||&#8220; custom_padding_last_edited=&#8220;on|tablet&#8220; global_colors_info=&#8220;{}&#8220; padding_tablet=&#8220;0px||&#8220; padding_last_edited=&#8220;on|tablet&#8220; custom_padding__hover=&#8220;|||&#8220; padding_phone=&#8220;0px||&#8220;][et_pb_text _builder_version=&#8220;4.16&#8243; text_font=&#8220;||||||||&#8220; text_line_height=&#8220;2em&#8220; header_font=&#8220;Faustina|600|||||||&#8220; header_text_color=&#8220;#0e7162&#8243; header_font_size=&#8220;60px&#8220; header_line_height=&#8220;1.3em&#8220; background_layout=&#8220;dark&#8220; header_font_size_tablet=&#8220;50px&#8220; header_font_size_phone=&#8220;40px&#8220; header_font_size_last_edited=&#8220;on|phone&#8220; global_colors_info=&#8220;{}&#8220;]<\/p>\n<h1>O n\u00e1s<\/h1>\n<p>[\/et_pb_text][et_pb_text _builder_version=&#8220;4.16&#8243; text_font=&#8220;||||||||&#8220; text_line_height=&#8220;2em&#8220; ul_font=&#8220;||||||||&#8220; ol_font=&#8220;||||||||&#8220; header_font=&#8220;Faustina||||||||&#8220; header_text_color=&#8220;#0e7162&#8243; header_font_size=&#8220;60px&#8220; header_line_height=&#8220;1.3em&#8220; header_2_font=&#8220;||||||||&#8220; header_3_font=&#8220;||||||||&#8220; header_4_font=&#8220;||||||||&#8220; header_5_font=&#8220;||||||||&#8220; header_6_font=&#8220;||||||||&#8220; global_colors_info=&#8220;{}&#8220;]<\/p>\n<p>Pon<span lang=\"SK\">\u00fakame<\/span><span lang=\"SK\">\u00a0profesion\u00e1lne opatrovate\u013esk\u00e9 slu\u017eby, ktor\u00fdmi sa sna\u017e\u00edme u\u013eah\u010di\u0165 a\u00a0spr\u00edjemni\u0165 ka\u017edodenn\u00fd \u017eivot seniorom.<\/span><\/p>\n<p><span lang=\"SK\">Opatrovate\u013esk\u00e1 slu\u017eba je pravideln\u00e1 slu\u017eba poskytovan\u00e1 fyzickej osobe, ktor\u00e1 je odk\u00e1zan\u00e1\u00a0<span class=\"il\">na<\/span>\u00a0pomoc inej osoby. Pom\u00e1hame rodin\u00e1m a\u00a0seniorom vysporiada\u0165\u00a0<\/span><span lang=\"SK\">sa so starnut\u00edm.<u><\/u><u><\/u><\/span><\/p>\n<p><span lang=\"SK\">Klientom pom\u00f4\u017eeme s rie\u0161en\u00edm nepriaznivej situ\u00e1cie z d\u00f4vodu zdravotn\u00fdch \u0165a\u017ekost\u00ed pomocou odbornej opatery, starostlivosti bez toho aby museli opusti\u0165 ich rodinn\u00e9 prostredie. Opatrovanie poskytne seniorom skvalitnenie ich \u017eivota, psychick\u00fa oporu, nebud\u00fa osamel\u00ed. Poskytneme im slu\u0161n\u00fa a sol\u00eddnu opateru. U\u013eah\u010d\u00edme \u017eivot celej rodine s mo\u017enos\u0165ou pre\u017ei\u0165 be\u017en\u00fd \u017eivot spolu s opatrovan\u00fdm bez probl\u00e9mov.<u><\/u><u><\/u><\/span><\/p>\n<p>Poskytujeme slu\u017eby nemedic\u00ednskeho charakteru v dom\u00e1com prostred\u00ed, pre seniorov mobiln\u00fdch, imobiln\u00fdch, osamel\u00fdch, ktor\u00ed potrebuj\u00fa asistenciu, ktor\u00e1 pom\u00e1ha zabezpe\u010di\u0165 be\u017en\u00fd re\u017eim denn\u00e9ho \u017eivota.<u><\/u><u><\/u><\/p>\n<p>V\u010faka\u00a0<span class=\"il\">na<\/span>\u0161im slu\u017eb\u00e1m m\u00f4\u017eu seniori zosta\u0165 v dom\u00e1com prostred\u00ed, \u010do prispieva k ich spokojnosti a pred\u013a\u017eeniu ich \u017eivota.<\/p>\n<p>&nbsp;<\/p>\n<p>[\/et_pb_text][\/et_pb_column][\/et_pb_row][\/et_pb_section]<\/p>\n","protected":false},"excerpt":{"rendered":"<p>O n\u00e1sPon\u00fakame\u00a0profesion\u00e1lne opatrovate\u013esk\u00e9 slu\u017eby, ktor\u00fdmi sa sna\u017e\u00edme u\u013eah\u010di\u0165 a\u00a0spr\u00edjemni\u0165 ka\u017edodenn\u00fd \u017eivot seniorom. Opatrovate\u013esk\u00e1 slu\u017eba je pravideln\u00e1 slu\u017eba poskytovan\u00e1 fyzickej osobe, ktor\u00e1 je odk\u00e1zan\u00e1\u00a0na\u00a0pomoc inej osoby. Pom\u00e1hame rodin\u00e1m a\u00a0seniorom vysporiada\u0165\u00a0sa so starnut\u00edm. Klientom pom\u00f4\u017eeme s rie\u0161en\u00edm nepriaznivej situ\u00e1cie z d\u00f4vodu zdravotn\u00fdch \u0165a\u017ekost\u00ed pomocou odbornej opatery, starostlivosti bez toho aby museli opusti\u0165 ich rodinn\u00e9 prostredie. Opatrovanie poskytne [&hellip;]<\/p>\n","protected":false},"author":1,"featured_media":0,"parent":0,"menu_order":0,"comment_status":"closed","ping_status":"closed","template":"","meta":{"_et_pb_use_builder":"on","_et_pb_old_content":"Pon<span lang=\"SK\">\u00fakame<\/span><span lang=\"SK\">&nbsp;profesion\u00e1lne opatrovate\u013esk\u00e9 slu\u017eby, ktor\u00fdmi sa sna\u017e\u00edme u\u013eah\u010di\u0165 a&nbsp;spr\u00edjemni\u0165 ka\u017edodenn\u00fd \u017eivot seniorom.<\/span>\n\n<span lang=\"SK\">Opatrovate\u013esk\u00e1 slu\u017eba je pravideln\u00e1 slu\u017eba poskytovan\u00e1 fyzickej osobe, ktor\u00e1 je odk\u00e1zan\u00e1&nbsp;<span class=\"il\">na<\/span>&nbsp;pomoc inej osoby. Pom\u00e1hame rodin\u00e1m a&nbsp;seniorom vysporiada\u0165&nbsp;<\/span><span lang=\"SK\">sa so starnut\u00edm.<u><\/u><u><\/u><\/span>\n\n<span lang=\"SK\">Klientom pom\u00f4\u017eeme s&nbsp;rie\u0161en\u00edm nepriaznivej situ\u00e1cie z&nbsp;d\u00f4vodu zdravotn\u00fdch \u0165a\u017ekost\u00ed pomocou odbornej opatery, starostlivosti bez toho aby museli opusti\u0165 ich rodinn\u00e9 prostredie. Opatrovanie poskytne seniorom skvalitnenie ich \u017eivota, psychick\u00fa oporu, nebud\u00fa osameli. Poskytneme im slu\u0161n\u00fa a&nbsp;solidn\u00fa opateru. U\u013eah\u010d\u00edme \u017eivot celej rodine s&nbsp;mo\u017enos\u0165ou pre\u017ei\u0165 be\u017en\u00fd \u017eivot spolu s&nbsp;opatrovan\u00fdm bez probl\u00e9mov.<u><\/u><u><\/u><\/span>\n\nPoskytujeme slu\u017eby nemedic\u00ednskeho charakteru v&nbsp;dom\u00e1com prostred\u00ed,pre seniorov mobiln\u00fdch, imobiln\u00fdch, osamel\u00fdch, ktor\u00ed potrebuj\u00fa asistenciu, ktor\u00e1 pom\u00e1ha zabezpe\u010di\u0165 be\u017en\u00fd re\u017eim denn\u00e9ho \u017eivota.<u><\/u><u><\/u>\n\nV\u010faka&nbsp;<span class=\"il\">na<\/span>\u0161im slu\u017eb\u00e1m m\u00f4\u017eu seniori zosta\u0165 v dom\u00e1com prostred\u00ed, \u010do prispieva k ich spokojnosti a pred\u013a\u017eeniu ich \u017eivota.","_et_gb_content_width":""},"_links":{"self":[{"href":"https:\/\/www.javorry.sk\/index.php\/wp-json\/wp\/v2\/pages\/8"}],"collection":[{"href":"https:\/\/www.javorry.sk\/index.php\/wp-json\/wp\/v2\/pages"}],"about":[{"href":"https:\/\/www.javorry.sk\/index.php\/wp-json\/wp\/v2\/types\/page"}],"author":[{"embeddable":true,"href":"https:\/\/www.javorry.sk\/index.php\/wp-json\/wp\/v2\/users\/1"}],"replies":[{"embeddable":true,"href":"https:\/\/www.javorry.sk\/index.php\/wp-json\/wp\/v2\/comments?post=8"}],"version-history":[{"count":7,"href":"https:\/\/www.javorry.sk\/index.php\/wp-json\/wp\/v2\/pages\/8\/revisions"}],"predecessor-version":[{"id":216,"href":"https:\/\/www.javorry.sk\/index.php\/wp-json\/wp\/v2\/pages\/8\/revisions\/216"}],"wp:attachment":[{"href":"https:\/\/www.javorry.sk\/index.php\/wp-json\/wp\/v2\/media?parent=8"}],"curies":[{"name":"wp","href":"https:\/\/api.w.org\/{rel}","templated":true}]}}